{"id":10402,"date":"2019-01-10T16:13:09","date_gmt":"2019-01-10T15:13:09","guid":{"rendered":"https:\/\/www.koefia.com\/admision\/"},"modified":"2022-04-29T19:46:15","modified_gmt":"2022-04-29T17:46:15","slug":"admision","status":"publish","type":"page","link":"https:\/\/www.koefia.com\/es\/admision\/","title":{"rendered":"ADMISI\u00d3N"},"content":{"rendered":"<div class=\"wpb-content-wrapper\"><p>[vc_row middle_content=\u00bbyes\u00bb header_feature=\u00bbyes\u00bb margin_bottom=\u00bb0&#8243; padding_top=\u00bb20&#8243;][vc_column width=\u00bb1\/4&#8243; css=\u00bb.vc_custom_1551807747117{margin-bottom: 3% !important;}\u00bb]<div class=\"grve-element grve-align-left\"><a class=\"grve-btn grve-btn-medium grve-round grve-bg-primary-5\" href=\"https:\/\/www.koefia.com\/open-day\/\" target=\"_self\" style=\"\"><span>RESERVAR JORNADA ABIERTA<\/span><\/a><\/div>[\/vc_column][vc_column width=\u00bb1\/2&#8243;][vc_column_text]<\/p>\n<h1 style=\"text-align: center;\">ADMISI\u00d3N<\/h1>\n<p style=\"text-align: center;\">Para Inscribirte en los Cursos de Moda de Koefia Debes Ser Admitido.<br \/>\nLos requisitos de admisi\u00f3n var\u00edan seg\u00fan el curso a asistir<\/p>\n<p>[\/vc_column_text][\/vc_column][vc_column width=\u00bb1\/4&#8243;]<div class=\"grve-element grve-align-left\"><a class=\"grve-btn grve-btn-medium grve-round grve-bg-primary-3\" href=\"https:\/\/www.koefia.com\/iscrizioni\/\" target=\"_self\" style=\"\"><span>DOCUMENTOS DE REGISTRO<\/span><\/a><\/div>[\/vc_column][\/vc_row][vc_row header_feature=\u00bbyes\u00bb padding_top=\u00bb30px\u00bb][vc_column][vc_column_text]<\/p>\n<pre style=\"text-align: center;\">Per gli studenti stranieri \u00e8 richiesta la conoscenza livello base (A2) della Lingua Italiana<\/pre>\n<p>[\/vc_column_text][vc_column_text]<\/p>\n<h3 style=\"text-align: center;\">Requisitos de admisi\u00f3n<\/h3>\n<p>[\/vc_column_text][\/vc_column][\/vc_row][vc_row flex_height=\u00bbyes\u00bb bg_type=\u00bbcolor\u00bb padding_top=\u00bb0&#8243;][vc_column width=\u00bb1\/3&#8243; css=\u00bb.vc_custom_1549699325397{border-top-width: 1px !important;border-right-width: 1px !important;border-bottom-width: 1px !important;border-left-width: 1px !important;padding-top: 30px !important;padding-right: 30px !important;padding-bottom: 30px !important;padding-left: 30px !important;background-color: #efefef !important;border-left-color: #ffffff !important;border-left-style: solid !important;border-right-color: #ffffff !important;border-right-style: solid !important;border-top-color: #ffffff !important;border-top-style: solid !important;border-bottom-color: #ffffff !important;border-bottom-style: solid !important;}\u00bb][vc_column_text]<strong>CURSOS DE POST-DIPLOMA DE TRES A\u00d1OS LICENCIATURA<\/strong>[\/vc_column_text]<div class=\"grve-element grve-list grve-list-plus-square \" style=\"\"><ol>\n<li>Diploma de escuela secundaria o su equivalente.<\/li>\n<li>Entrevista de orientaci\u00f3n, online y\/o presencial<\/li>\n<li>Presentaci\u00f3n de un <strong>Portafolio de Dibujos y Proyectos de Moda<\/strong><\/li>\n<\/ol>\n<\/div>[\/vc_column][vc_column width=\u00bb1\/3&#8243; css=\u00bb.vc_custom_1549699230793{border-top-width: 1px !important;border-right-width: 1px !important;border-bottom-width: 1px !important;border-left-width: 1px !important;padding-top: 30px !important;padding-right: 30px !important;padding-bottom: 30px !important;padding-left: 30px !important;background-color: #efefef !important;border-left-color: #ffffff !important;border-left-style: solid !important;border-right-color: #ffffff !important;border-right-style: solid !important;border-top-color: #ffffff !important;border-top-style: solid !important;border-bottom-color: #ffffff !important;border-bottom-style: solid !important;}\u00bb][vc_column_text]<strong>CURSOS DE M\u00c1STER POST-GRADO<\/strong>[\/vc_column_text]<div class=\"grve-element grve-list grve-list-plus-square \" style=\"\"><ol>\n<li>Licenciatura (o equivalente)<\/li>\n<li>Entrevista de orientaci\u00f3n, online y\/o presencial<\/li>\n<li><strong>Presentaci\u00f3n de un Portafolio de Dibujos y Proyectos de Moda<\/strong><\/li>\n<\/ol>\n<\/div>[\/vc_column][vc_column width=\u00bb1\/3&#8243; css=\u00bb.vc_custom_1549699265126{border-top-width: 1px !important;border-right-width: 1px !important;border-bottom-width: 1px !important;border-left-width: 1px !important;padding-top: 30px !important;padding-right: 30px !important;padding-bottom: 30px !important;padding-left: 30px !important;background-color: #efefef !important;border-left-color: #ffffff !important;border-left-style: solid !important;border-right-color: #ffffff !important;border-right-style: solid !important;border-top-color: #ffffff !important;border-top-style: solid !important;border-bottom-color: #ffffff !important;border-bottom-style: solid !important;}\u00bb][vc_column_text]<strong>CURSOS PROFESIONALES<\/strong>[\/vc_column_text]<div class=\"grve-element grve-list grve-list-plus-square \" style=\"\"><ol>\n<li>Sin requisitos de estudios previos<\/li>\n<li>Entrevista de orientaci\u00f3n, incluso solo en l\u00ednea<\/li>\n<\/ol>\n<ul>\n<li>Para Cursos de Especializaci\u00f3n se requieren Habilidades B\u00e1sicas en el \u00c1rea de Moda, a evaluar caso por caso<\/li>\n<\/ul>\n<\/div>[\/vc_column][\/vc_row][vc_row padding_bottom=\u00bb20&#8243; margin_bottom=\u00bb0&#8243;][vc_column][vc_column_text]<\/p>\n<h4 style=\"text-align: center;\">CARTERA DE ADMISI\u00d3N A CURSOS ACAD\u00c9MICOS DE LICENCIATURA Y MAESTR\u00cdA<\/h4>\n<p style=\"text-align: justify;\">La admisi\u00f3n del alumno a los Cursos Acad\u00e9micos consiste en la presentaci\u00f3n de un Portafolio compuesto por un m\u00ednimo de 5 Proyectos de Moda, para un total de 10 dise\u00f1os de moda, de los cuales 5 en blanco\/negro y 5 en color. Los Proyectos de Moda deben comunicar las Ideas y el Estilo del Candidato. Los proyectos deben ir acompa\u00f1ados de una breve presentaci\u00f3n personal [Lettera di Motivazione].<\/p>\n<p>[\/vc_column_text]<div class=\"grve-element grve-list grve-list-plus-square \" style=\"\"><ul>\n<li>Para la realizaci\u00f3n del Portafolio de Admisi\u00f3n, se le proporciona al Candidato la Silueta para vestir e Instrucciones precisas para la realizaci\u00f3n de los bocetos y el coloreado.<\/li>\n<li>Todos los Estudiantes &#8211; que nunca hayan dibujado, o que provengan de Escuelas Secundarias o Institutos de Direcci\u00f3n de Moda, se les brinda la oportunidad de acceder a un Curso en L\u00ednea de Google ClassRoom para comenzar a dibujar correctamente.<\/li>\n<\/ul>\n<\/div>[vc_column_text]<\/p>\n<blockquote>\n<p style=\"text-align: center;\">Mini-Curso Gratis de Koefia<br \/>\nPROYECTO DE MODA Y PORTAFOLIO<br \/>\n<em>por la Prof. Claudia Ausonia Palazio<\/em><\/p>\n<\/blockquote>\n<p>[\/vc_column_text]<div class=\"grve-element grve-align-center grve-animated-item grve-fadeInUp\" data-delay=\"200\"><a class=\"grve-btn grve-btn-extrasmall grve-round grve-grey-color\" href=\"https:\/\/www.koefia.com\/es\/entrevistas-en-linea-orientacion\/\" target=\"_blank\" style=\"\"><span>Solicitar acceso al minicurso<\/span><\/a><\/div>[\/vc_column][\/vc_row][vc_row margin_bottom=\u00bb0&#8243; padding_bottom=\u00bb40&#8243; padding_top=\u00bb40&#8243;][vc_column]<div class=\"grve-element grve-image grve-align-center\" style=\"\"><img fetchpriority=\"high\" decoding=\"async\" width=\"640\" height=\"460\" src=\"https:\/\/www.koefia.com\/wp-content\/uploads\/2021\/11\/6ff03de5cc6b02c3780df3c8cebe025f.gif\" class=\"attachment-full size-full\" alt=\"\" \/><\/div>[\/vc_column][\/vc_row]<\/p>\n<\/div>","protected":false},"excerpt":{"rendered":"<p>[vc_row middle_content=\u00bbyes\u00bb header_feature=\u00bbyes\u00bb margin_bottom=\u00bb0&#8243; padding_top=\u00bb20&#8243;][vc_column width=\u00bb1\/4&#8243; css=\u00bb.vc_custom_1551807747117{margin-bottom: 3% !important;}\u00bb][\/vc_column][vc_column width=\u00bb1\/2&#8243;][vc_column_text] ADMISI\u00d3N Para Inscribirte en los Cursos de Moda de Koefia Debes Ser Admitido. Los requisitos de admisi\u00f3n var\u00edan seg\u00fan el curso a asistir [\/vc_column_text][\/vc_column][vc_column width=\u00bb1\/4&#8243;][\/vc_column][\/vc_row][vc_row header_feature=\u00bbyes\u00bb padding_top=\u00bb30px\u00bb][vc_column][vc_column_text] Per gli studenti stranieri \u00e8 richiesta la conoscenza livello base (A2) della Lingua Italiana [\/vc_column_text][vc_column_text] Requisitos de admisi\u00f3n [&hellip;]<\/p>\n","protected":false},"author":3,"featured_media":0,"parent":0,"menu_order":0,"comment_status":"closed","ping_status":"closed","template":"","meta":{"footnotes":""},"class_list":["post-10402","page","type-page","status-publish","hentry"],"aioseo_notices":[],"_links":{"self":[{"href":"https:\/\/www.koefia.com\/es\/wp-json\/wp\/v2\/pages\/10402","targetHints":{"allow":["GET"]}}],"collection":[{"href":"https:\/\/www.koefia.com\/es\/wp-json\/wp\/v2\/pages"}],"about":[{"href":"https:\/\/www.koefia.com\/es\/wp-json\/wp\/v2\/types\/page"}],"author":[{"embeddable":true,"href":"https:\/\/www.koefia.com\/es\/wp-json\/wp\/v2\/users\/3"}],"replies":[{"embeddable":true,"href":"https:\/\/www.koefia.com\/es\/wp-json\/wp\/v2\/comments?post=10402"}],"version-history":[{"count":0,"href":"https:\/\/www.koefia.com\/es\/wp-json\/wp\/v2\/pages\/10402\/revisions"}],"wp:attachment":[{"href":"https:\/\/www.koefia.com\/es\/wp-json\/wp\/v2\/media?parent=10402"}],"curies":[{"name":"wp","href":"https:\/\/api.w.org\/{rel}","templated":true}]}}