{"id":16109,"date":"2019-02-15T05:53:05","date_gmt":"2019-02-15T04:53:05","guid":{"rendered":"https:\/\/www.koefia.com\/desfile-altaroma-invierno-2019\/"},"modified":"2022-06-24T17:17:50","modified_gmt":"2022-06-24T15:17:50","slug":"desfile-altaroma-invierno-2019","status":"publish","type":"page","link":"https:\/\/www.koefia.com\/es\/desfile-altaroma-invierno-2019\/","title":{"rendered":"DESFILE ALTAROMA INVIERNO 2019"},"content":{"rendered":"<div class=\"wpb-content-wrapper\"><p>[vc_row header_feature=\u00bbyes\u00bb margin_bottom=\u00bb0&#8243; padding_top=\u00bb20&#8243;][vc_column css=\u00bb.vc_custom_1551807836700{margin-bottom: 3% !important;}\u00bb][vc_column_text]<\/p>\n<h2 style=\"text-align: center;\">ALTAROMA 2019 Invierno<\/h2>\n<h1 style=\"text-align: center;\">Colecci\u00f3n \u00abVuelve\u00bb<\/h1>\n<p>[\/vc_column_text][\/vc_column][\/vc_row][vc_row][vc_column][vc_column_text]Libertad de movimiento entre lugares, clases sociales, h\u00e1bitos: es uno de los puntos clave de los a\u00f1os 70 reflejado en los cambios de moda de ese per\u00edodo hist\u00f3rico. Este es el hilo conductor de la Colecci\u00f3n presentada por los alumnos de 3\u00ba a\u00f1o de la Academia Koefia.<\/p>\n<blockquote><p>Haz clic en la imagen para ver el desfile de moda en HD<\/p><\/blockquote>\n<p>[\/vc_column_text][\/vc_column][\/vc_row][vc_row][vc_column width=\u00bb1\/5&#8243;][\/vc_column][vc_column width=\u00bb3\/5&#8243; css=\u00bb.vc_custom_1656083867527{border-top-width: 1px !important;border-right-width: 1px !important;border-bottom-width: 1px !important;border-left-width: 1px !important;background-color: #262626 !important;border-left-color: #424242 !important;border-left-style: solid !important;border-right-color: #424242 !important;border-right-style: solid !important;border-top-color: #424242 !important;border-top-style: solid !important;border-bottom-color: #424242 !important;border-bottom-style: solid !important;border-radius: 15px !important;}\u00bb]<div class=\"grve-element grve-image grve-full-image grve-align-center\" style=\"\"><a href=\"https:\/\/drive.google.com\/open?id=1hw-xoGQAx6Eha-TeF8Fr2z6a-BTvw7cW&#038;authuser=daniele%40academicservice.eu&#038;usp=drive_fs\" target=\"_blank\"><img fetchpriority=\"high\" decoding=\"async\" width=\"1920\" height=\"1080\" src=\"https:\/\/www.koefia.com\/wp-content\/uploads\/2021\/11\/2021-11-23-11_37_42-Greenshot.png\" class=\"attachment-full size-full\" alt=\"\" srcset=\"https:\/\/www.koefia.com\/wp-content\/uploads\/2021\/11\/2021-11-23-11_37_42-Greenshot.png 1920w, https:\/\/www.koefia.com\/wp-content\/uploads\/2021\/11\/2021-11-23-11_37_42-Greenshot-300x169.png 300w, https:\/\/www.koefia.com\/wp-content\/uploads\/2021\/11\/2021-11-23-11_37_42-Greenshot-1024x576.png 1024w, https:\/\/www.koefia.com\/wp-content\/uploads\/2021\/11\/2021-11-23-11_37_42-Greenshot-768x432.png 768w, https:\/\/www.koefia.com\/wp-content\/uploads\/2021\/11\/2021-11-23-11_37_42-Greenshot-1536x864.png 1536w, https:\/\/www.koefia.com\/wp-content\/uploads\/2021\/11\/2021-11-23-11_37_42-Greenshot-1170x658.png 1170w, https:\/\/www.koefia.com\/wp-content\/uploads\/2021\/11\/2021-11-23-11_37_42-Greenshot-560x315.png 560w\" sizes=\"(max-width: 1920px) 100vw, 1920px\" \/><\/a><\/div>[\/vc_column][vc_column width=\u00bb1\/5&#8243;][\/vc_column][\/vc_row][vc_row][vc_column][vc_column_text]Con la d\u00e9cada de 1970 surge una nueva forma de concebir la ropa y su funci\u00f3n. La idea de democratizaci\u00f3n tambi\u00e9n ha contaminado el mundo de la indumentaria haciendo la moda m\u00e1s accesible, usable, personalizable. El juego est\u00e1 en continua referencia a lo antiguo por la presencia de las prendas cl\u00e1sicas de vestuario con un corte amplio en com\u00fan, tales como: pantalones, abrigos, faldas largas y camisas, overoles.<\/p>\n<p>La elecci\u00f3n de mezclar tejidos, entre texturas cl\u00e1sicas y suaves como las de la lana y tejidos t\u00e9cnicos t\u00edpicamente mat\u00e9ricos, recuerda el viaje en el tiempo entre el pasado y el presente. Los accesorios merecen una menci\u00f3n especial. Las modelos usaron guantes dise\u00f1ados por RIINA \u00d5UN, profesora de la Central Saint Martins School de Londres. Un toque de distinci\u00f3n que embelleci\u00f3 el espect\u00e1culo. El artesano romano TONINO CODISPOTI de Ottica Vittoria Colonna suministr\u00f3 las gafas con monturas especiales que recordaban el aspecto de la d\u00e9cada de 1970.<\/p>\n<p>Photo: <em>Pietro Piacenti<\/em>[\/vc_column_text][\/vc_column][\/vc_row][vc_row][vc_column]<div class=\"grve-element grve-gallery grve-isotope grve-gallery-popup\" style=\"\" data-gutter=\"yes\" data-type=\"4-columns\" data-layout=\"fitRows\"><div class=\"grve-isotope-container\"><div class=\"grve-isotope-item \"><a href=\"https:\/\/www.koefia.com\/wp-content\/uploads\/2019\/02\/corsi-di-moda-koefia-roma-02.jpg\"><figure class=\"grve-image-hover grve-zoom-in\"><div class=\"grve-media grve-dark-overlay grve-opacity-0\"><img decoding=\"async\" width=\"683\" height=\"1024\" src=\"https:\/\/www.koefia.com\/wp-content\/uploads\/2019\/02\/corsi-di-moda-koefia-roma-02-683x1024.jpg\" class=\"attachment-large size-large\" alt=\"Koefia AltaRoma Desfile de Modas de la Academia Invierno 2019\" srcset=\"https:\/\/www.koefia.com\/wp-content\/uploads\/2019\/02\/corsi-di-moda-koefia-roma-02-683x1024.jpg 683w, https:\/\/www.koefia.com\/wp-content\/uploads\/2019\/02\/corsi-di-moda-koefia-roma-02-200x300.jpg 200w, https:\/\/www.koefia.com\/wp-content\/uploads\/2019\/02\/corsi-di-moda-koefia-roma-02-768x1151.jpg 768w, https:\/\/www.koefia.com\/wp-content\/uploads\/2019\/02\/corsi-di-moda-koefia-roma-02.jpg 854w\" sizes=\"(max-width: 683px) 100vw, 683px\" \/><\/div><figcaption><\/figcaption><\/figure><\/a><\/div><div class=\"grve-isotope-item \"><a href=\"https:\/\/www.koefia.com\/wp-content\/uploads\/2019\/02\/corsi-di-moda-koefia-roma-12.jpg\"><figure class=\"grve-image-hover grve-zoom-in\"><div class=\"grve-media grve-dark-overlay grve-opacity-0\"><img decoding=\"async\" width=\"683\" height=\"1024\" src=\"https:\/\/www.koefia.com\/wp-content\/uploads\/2019\/02\/corsi-di-moda-koefia-roma-12-683x1024.jpg\" class=\"attachment-large size-large\" alt=\"Koefia AltaRoma Desfile de Modas de la Academia Invierno 2019\" srcset=\"https:\/\/www.koefia.com\/wp-content\/uploads\/2019\/02\/corsi-di-moda-koefia-roma-12-683x1024.jpg 683w, https:\/\/www.koefia.com\/wp-content\/uploads\/2019\/02\/corsi-di-moda-koefia-roma-12-200x300.jpg 200w, https:\/\/www.koefia.com\/wp-content\/uploads\/2019\/02\/corsi-di-moda-koefia-roma-12-768x1151.jpg 768w, https:\/\/www.koefia.com\/wp-content\/uploads\/2019\/02\/corsi-di-moda-koefia-roma-12.jpg 854w\" sizes=\"(max-width: 683px) 100vw, 683px\" \/><\/div><figcaption><\/figcaption><\/figure><\/a><\/div><div class=\"grve-isotope-item \"><a href=\"https:\/\/www.koefia.com\/wp-content\/uploads\/2019\/02\/corsi-di-moda-koefia-roma-28.jpg\"><figure class=\"grve-image-hover grve-zoom-in\"><div class=\"grve-media grve-dark-overlay grve-opacity-0\"><img loading=\"lazy\" decoding=\"async\" width=\"683\" height=\"1024\" src=\"https:\/\/www.koefia.com\/wp-content\/uploads\/2019\/02\/corsi-di-moda-koefia-roma-28-683x1024.jpg\" class=\"attachment-large size-large\" alt=\"Koefia AltaRoma Desfile de Modas de la Academia Invierno 2019\" srcset=\"https:\/\/www.koefia.com\/wp-content\/uploads\/2019\/02\/corsi-di-moda-koefia-roma-28-683x1024.jpg 683w, https:\/\/www.koefia.com\/wp-content\/uploads\/2019\/02\/corsi-di-moda-koefia-roma-28-200x300.jpg 200w, https:\/\/www.koefia.com\/wp-content\/uploads\/2019\/02\/corsi-di-moda-koefia-roma-28-768x1151.jpg 768w, https:\/\/www.koefia.com\/wp-content\/uploads\/2019\/02\/corsi-di-moda-koefia-roma-28.jpg 854w\" sizes=\"(max-width: 683px) 100vw, 683px\" \/><\/div><figcaption><\/figcaption><\/figure><\/a><\/div><div class=\"grve-isotope-item \"><a href=\"https:\/\/www.koefia.com\/wp-content\/uploads\/2019\/02\/corsi-di-moda-koefia-roma-17.jpg\"><figure class=\"grve-image-hover grve-zoom-in\"><div class=\"grve-media grve-dark-overlay grve-opacity-0\"><img loading=\"lazy\" decoding=\"async\" width=\"683\" height=\"1024\" src=\"https:\/\/www.koefia.com\/wp-content\/uploads\/2019\/02\/corsi-di-moda-koefia-roma-17-683x1024.jpg\" class=\"attachment-large size-large\" alt=\"Koefia AltaRoma Desfile de Modas de la Academia Invierno 2019\" srcset=\"https:\/\/www.koefia.com\/wp-content\/uploads\/2019\/02\/corsi-di-moda-koefia-roma-17-683x1024.jpg 683w, https:\/\/www.koefia.com\/wp-content\/uploads\/2019\/02\/corsi-di-moda-koefia-roma-17-200x300.jpg 200w, https:\/\/www.koefia.com\/wp-content\/uploads\/2019\/02\/corsi-di-moda-koefia-roma-17-768x1151.jpg 768w, https:\/\/www.koefia.com\/wp-content\/uploads\/2019\/02\/corsi-di-moda-koefia-roma-17.jpg 854w\" sizes=\"(max-width: 683px) 100vw, 683px\" \/><\/div><figcaption><\/figcaption><\/figure><\/a><\/div><div class=\"grve-isotope-item \"><a href=\"https:\/\/www.koefia.com\/wp-content\/uploads\/2019\/02\/corsi-di-moda-koefia-roma-08.jpg\"><figure class=\"grve-image-hover grve-zoom-in\"><div class=\"grve-media grve-dark-overlay grve-opacity-0\"><img loading=\"lazy\" decoding=\"async\" width=\"683\" height=\"1024\" src=\"https:\/\/www.koefia.com\/wp-content\/uploads\/2019\/02\/corsi-di-moda-koefia-roma-08-683x1024.jpg\" class=\"attachment-large size-large\" alt=\"Koefia AltaRoma Desfile de Modas de la Academia Invierno 2019\" srcset=\"https:\/\/www.koefia.com\/wp-content\/uploads\/2019\/02\/corsi-di-moda-koefia-roma-08-683x1024.jpg 683w, https:\/\/www.koefia.com\/wp-content\/uploads\/2019\/02\/corsi-di-moda-koefia-roma-08-200x300.jpg 200w, https:\/\/www.koefia.com\/wp-content\/uploads\/2019\/02\/corsi-di-moda-koefia-roma-08-768x1151.jpg 768w, https:\/\/www.koefia.com\/wp-content\/uploads\/2019\/02\/corsi-di-moda-koefia-roma-08.jpg 854w\" sizes=\"(max-width: 683px) 100vw, 683px\" \/><\/div><figcaption><\/figcaption><\/figure><\/a><\/div><div class=\"grve-isotope-item \"><a href=\"https:\/\/www.koefia.com\/wp-content\/uploads\/2019\/02\/corsi-di-moda-koefia-roma-14.jpg\"><figure class=\"grve-image-hover grve-zoom-in\"><div class=\"grve-media grve-dark-overlay grve-opacity-0\"><img loading=\"lazy\" decoding=\"async\" width=\"683\" height=\"1024\" src=\"https:\/\/www.koefia.com\/wp-content\/uploads\/2019\/02\/corsi-di-moda-koefia-roma-14-683x1024.jpg\" class=\"attachment-large size-large\" alt=\"Koefia AltaRoma Desfile de Modas de la Academia Invierno 2019\" srcset=\"https:\/\/www.koefia.com\/wp-content\/uploads\/2019\/02\/corsi-di-moda-koefia-roma-14-683x1024.jpg 683w, https:\/\/www.koefia.com\/wp-content\/uploads\/2019\/02\/corsi-di-moda-koefia-roma-14-200x300.jpg 200w, https:\/\/www.koefia.com\/wp-content\/uploads\/2019\/02\/corsi-di-moda-koefia-roma-14-768x1151.jpg 768w, https:\/\/www.koefia.com\/wp-content\/uploads\/2019\/02\/corsi-di-moda-koefia-roma-14.jpg 854w\" sizes=\"(max-width: 683px) 100vw, 683px\" \/><\/div><figcaption><\/figcaption><\/figure><\/a><\/div><div class=\"grve-isotope-item \"><a href=\"https:\/\/www.koefia.com\/wp-content\/uploads\/2019\/02\/corsi-di-moda-koefia-roma-07.jpg\"><figure class=\"grve-image-hover grve-zoom-in\"><div class=\"grve-media grve-dark-overlay grve-opacity-0\"><img loading=\"lazy\" decoding=\"async\" width=\"683\" height=\"1024\" src=\"https:\/\/www.koefia.com\/wp-content\/uploads\/2019\/02\/corsi-di-moda-koefia-roma-07-683x1024.jpg\" class=\"attachment-large size-large\" alt=\"Koefia AltaRoma Desfile de Modas de la Academia Invierno 2019\" srcset=\"https:\/\/www.koefia.com\/wp-content\/uploads\/2019\/02\/corsi-di-moda-koefia-roma-07-683x1024.jpg 683w, https:\/\/www.koefia.com\/wp-content\/uploads\/2019\/02\/corsi-di-moda-koefia-roma-07-200x300.jpg 200w, https:\/\/www.koefia.com\/wp-content\/uploads\/2019\/02\/corsi-di-moda-koefia-roma-07-768x1151.jpg 768w, https:\/\/www.koefia.com\/wp-content\/uploads\/2019\/02\/corsi-di-moda-koefia-roma-07.jpg 854w\" sizes=\"(max-width: 683px) 100vw, 683px\" \/><\/div><figcaption><\/figcaption><\/figure><\/a><\/div><div class=\"grve-isotope-item \"><a href=\"https:\/\/www.koefia.com\/wp-content\/uploads\/2019\/02\/corsi-di-moda-koefia-roma-13.jpg\"><figure class=\"grve-image-hover grve-zoom-in\"><div class=\"grve-media grve-dark-overlay grve-opacity-0\"><img loading=\"lazy\" decoding=\"async\" width=\"683\" height=\"1024\" src=\"https:\/\/www.koefia.com\/wp-content\/uploads\/2019\/02\/corsi-di-moda-koefia-roma-13-683x1024.jpg\" class=\"attachment-large size-large\" alt=\"Koefia AltaRoma Desfile de Modas de la Academia Invierno 2019\" srcset=\"https:\/\/www.koefia.com\/wp-content\/uploads\/2019\/02\/corsi-di-moda-koefia-roma-13-683x1024.jpg 683w, https:\/\/www.koefia.com\/wp-content\/uploads\/2019\/02\/corsi-di-moda-koefia-roma-13-200x300.jpg 200w, https:\/\/www.koefia.com\/wp-content\/uploads\/2019\/02\/corsi-di-moda-koefia-roma-13-768x1151.jpg 768w, https:\/\/www.koefia.com\/wp-content\/uploads\/2019\/02\/corsi-di-moda-koefia-roma-13.jpg 854w\" sizes=\"(max-width: 683px) 100vw, 683px\" \/><\/div><figcaption><\/figcaption><\/figure><\/a><\/div><div class=\"grve-isotope-item \"><a href=\"https:\/\/www.koefia.com\/wp-content\/uploads\/2019\/02\/corsi-di-moda-koefia-roma-31.jpg\"><figure class=\"grve-image-hover grve-zoom-in\"><div class=\"grve-media grve-dark-overlay grve-opacity-0\"><img loading=\"lazy\" decoding=\"async\" width=\"683\" height=\"1024\" src=\"https:\/\/www.koefia.com\/wp-content\/uploads\/2019\/02\/corsi-di-moda-koefia-roma-31-683x1024.jpg\" class=\"attachment-large size-large\" alt=\"Koefia AltaRoma Desfile de Modas de la Academia Invierno 2019\" srcset=\"https:\/\/www.koefia.com\/wp-content\/uploads\/2019\/02\/corsi-di-moda-koefia-roma-31-683x1024.jpg 683w, https:\/\/www.koefia.com\/wp-content\/uploads\/2019\/02\/corsi-di-moda-koefia-roma-31-200x300.jpg 200w, https:\/\/www.koefia.com\/wp-content\/uploads\/2019\/02\/corsi-di-moda-koefia-roma-31-768x1151.jpg 768w, https:\/\/www.koefia.com\/wp-content\/uploads\/2019\/02\/corsi-di-moda-koefia-roma-31.jpg 854w\" sizes=\"(max-width: 683px) 100vw, 683px\" \/><\/div><figcaption><\/figcaption><\/figure><\/a><\/div><div class=\"grve-isotope-item \"><a href=\"https:\/\/www.koefia.com\/wp-content\/uploads\/2019\/02\/corsi-di-moda-koefia-roma-03.jpg\"><figure class=\"grve-image-hover grve-zoom-in\"><div class=\"grve-media grve-dark-overlay grve-opacity-0\"><img loading=\"lazy\" decoding=\"async\" width=\"683\" height=\"1024\" src=\"https:\/\/www.koefia.com\/wp-content\/uploads\/2019\/02\/corsi-di-moda-koefia-roma-03-683x1024.jpg\" class=\"attachment-large size-large\" alt=\"Koefia AltaRoma Desfile de Modas de la Academia Invierno 2019\" srcset=\"https:\/\/www.koefia.com\/wp-content\/uploads\/2019\/02\/corsi-di-moda-koefia-roma-03-683x1024.jpg 683w, https:\/\/www.koefia.com\/wp-content\/uploads\/2019\/02\/corsi-di-moda-koefia-roma-03-200x300.jpg 200w, https:\/\/www.koefia.com\/wp-content\/uploads\/2019\/02\/corsi-di-moda-koefia-roma-03-768x1151.jpg 768w, https:\/\/www.koefia.com\/wp-content\/uploads\/2019\/02\/corsi-di-moda-koefia-roma-03.jpg 854w\" sizes=\"(max-width: 683px) 100vw, 683px\" \/><\/div><figcaption><\/figcaption><\/figure><\/a><\/div><div class=\"grve-isotope-item \"><a href=\"https:\/\/www.koefia.com\/wp-content\/uploads\/2019\/02\/corsi-di-moda-koefia-roma-06.jpg\"><figure class=\"grve-image-hover grve-zoom-in\"><div class=\"grve-media grve-dark-overlay grve-opacity-0\"><img loading=\"lazy\" decoding=\"async\" width=\"683\" height=\"1024\" src=\"https:\/\/www.koefia.com\/wp-content\/uploads\/2019\/02\/corsi-di-moda-koefia-roma-06-683x1024.jpg\" class=\"attachment-large size-large\" alt=\"Koefia AltaRoma Desfile de Modas de la Academia Invierno 2019\" srcset=\"https:\/\/www.koefia.com\/wp-content\/uploads\/2019\/02\/corsi-di-moda-koefia-roma-06-683x1024.jpg 683w, https:\/\/www.koefia.com\/wp-content\/uploads\/2019\/02\/corsi-di-moda-koefia-roma-06-200x300.jpg 200w, https:\/\/www.koefia.com\/wp-content\/uploads\/2019\/02\/corsi-di-moda-koefia-roma-06-768x1151.jpg 768w, https:\/\/www.koefia.com\/wp-content\/uploads\/2019\/02\/corsi-di-moda-koefia-roma-06.jpg 854w\" sizes=\"(max-width: 683px) 100vw, 683px\" \/><\/div><figcaption><\/figcaption><\/figure><\/a><\/div><div class=\"grve-isotope-item \"><a href=\"https:\/\/www.koefia.com\/wp-content\/uploads\/2019\/02\/corsi-di-moda-koefia-roma-15.jpg\"><figure class=\"grve-image-hover grve-zoom-in\"><div class=\"grve-media grve-dark-overlay grve-opacity-0\"><img loading=\"lazy\" decoding=\"async\" width=\"683\" height=\"1024\" src=\"https:\/\/www.koefia.com\/wp-content\/uploads\/2019\/02\/corsi-di-moda-koefia-roma-15-683x1024.jpg\" class=\"attachment-large size-large\" alt=\"Koefia AltaRoma Desfile de Modas de la Academia Invierno 2019\" srcset=\"https:\/\/www.koefia.com\/wp-content\/uploads\/2019\/02\/corsi-di-moda-koefia-roma-15-683x1024.jpg 683w, https:\/\/www.koefia.com\/wp-content\/uploads\/2019\/02\/corsi-di-moda-koefia-roma-15-200x300.jpg 200w, https:\/\/www.koefia.com\/wp-content\/uploads\/2019\/02\/corsi-di-moda-koefia-roma-15-768x1151.jpg 768w, https:\/\/www.koefia.com\/wp-content\/uploads\/2019\/02\/corsi-di-moda-koefia-roma-15.jpg 854w\" sizes=\"(max-width: 683px) 100vw, 683px\" \/><\/div><figcaption><\/figcaption><\/figure><\/a><\/div><div class=\"grve-isotope-item \"><a href=\"https:\/\/www.koefia.com\/wp-content\/uploads\/2019\/02\/corsi-di-moda-koefia-roma-05.jpg\"><figure class=\"grve-image-hover grve-zoom-in\"><div class=\"grve-media grve-dark-overlay grve-opacity-0\"><img loading=\"lazy\" decoding=\"async\" width=\"683\" height=\"1024\" src=\"https:\/\/www.koefia.com\/wp-content\/uploads\/2019\/02\/corsi-di-moda-koefia-roma-05-683x1024.jpg\" class=\"attachment-large size-large\" alt=\"Koefia AltaRoma Desfile de Modas de la Academia Invierno 2019\" srcset=\"https:\/\/www.koefia.com\/wp-content\/uploads\/2019\/02\/corsi-di-moda-koefia-roma-05-683x1024.jpg 683w, https:\/\/www.koefia.com\/wp-content\/uploads\/2019\/02\/corsi-di-moda-koefia-roma-05-200x300.jpg 200w, https:\/\/www.koefia.com\/wp-content\/uploads\/2019\/02\/corsi-di-moda-koefia-roma-05-768x1151.jpg 768w, https:\/\/www.koefia.com\/wp-content\/uploads\/2019\/02\/corsi-di-moda-koefia-roma-05.jpg 854w\" sizes=\"(max-width: 683px) 100vw, 683px\" \/><\/div><figcaption><\/figcaption><\/figure><\/a><\/div><div class=\"grve-isotope-item \"><a href=\"https:\/\/www.koefia.com\/wp-content\/uploads\/2019\/02\/corsi-di-moda-koefia-roma-23.jpg\"><figure class=\"grve-image-hover grve-zoom-in\"><div class=\"grve-media grve-dark-overlay grve-opacity-0\"><img loading=\"lazy\" decoding=\"async\" width=\"683\" height=\"1024\" src=\"https:\/\/www.koefia.com\/wp-content\/uploads\/2019\/02\/corsi-di-moda-koefia-roma-23-683x1024.jpg\" class=\"attachment-large size-large\" alt=\"Koefia AltaRoma Desfile de Modas de la Academia Invierno 2019\" srcset=\"https:\/\/www.koefia.com\/wp-content\/uploads\/2019\/02\/corsi-di-moda-koefia-roma-23-683x1024.jpg 683w, https:\/\/www.koefia.com\/wp-content\/uploads\/2019\/02\/corsi-di-moda-koefia-roma-23-200x300.jpg 200w, https:\/\/www.koefia.com\/wp-content\/uploads\/2019\/02\/corsi-di-moda-koefia-roma-23-768x1151.jpg 768w, https:\/\/www.koefia.com\/wp-content\/uploads\/2019\/02\/corsi-di-moda-koefia-roma-23.jpg 854w\" sizes=\"(max-width: 683px) 100vw, 683px\" \/><\/div><figcaption><\/figcaption><\/figure><\/a><\/div><div class=\"grve-isotope-item \"><a href=\"https:\/\/www.koefia.com\/wp-content\/uploads\/2019\/02\/corsi-di-moda-koefia-roma-30.jpg\"><figure class=\"grve-image-hover grve-zoom-in\"><div class=\"grve-media grve-dark-overlay grve-opacity-0\"><img loading=\"lazy\" decoding=\"async\" width=\"683\" height=\"1024\" src=\"https:\/\/www.koefia.com\/wp-content\/uploads\/2019\/02\/corsi-di-moda-koefia-roma-30-683x1024.jpg\" class=\"attachment-large size-large\" alt=\"Koefia AltaRoma Desfile de Modas de la Academia Invierno 2019\" srcset=\"https:\/\/www.koefia.com\/wp-content\/uploads\/2019\/02\/corsi-di-moda-koefia-roma-30-683x1024.jpg 683w, https:\/\/www.koefia.com\/wp-content\/uploads\/2019\/02\/corsi-di-moda-koefia-roma-30-200x300.jpg 200w, https:\/\/www.koefia.com\/wp-content\/uploads\/2019\/02\/corsi-di-moda-koefia-roma-30-768x1151.jpg 768w, https:\/\/www.koefia.com\/wp-content\/uploads\/2019\/02\/corsi-di-moda-koefia-roma-30.jpg 854w\" sizes=\"(max-width: 683px) 100vw, 683px\" \/><\/div><figcaption><\/figcaption><\/figure><\/a><\/div><div class=\"grve-isotope-item \"><a href=\"https:\/\/www.koefia.com\/wp-content\/uploads\/2019\/02\/corsi-di-moda-koefia-roma-24.jpg\"><figure class=\"grve-image-hover grve-zoom-in\"><div class=\"grve-media grve-dark-overlay grve-opacity-0\"><img loading=\"lazy\" decoding=\"async\" width=\"683\" height=\"1024\" src=\"https:\/\/www.koefia.com\/wp-content\/uploads\/2019\/02\/corsi-di-moda-koefia-roma-24-683x1024.jpg\" class=\"attachment-large size-large\" alt=\"Koefia AltaRoma Desfile de Modas de la Academia Invierno 2019\" srcset=\"https:\/\/www.koefia.com\/wp-content\/uploads\/2019\/02\/corsi-di-moda-koefia-roma-24-683x1024.jpg 683w, https:\/\/www.koefia.com\/wp-content\/uploads\/2019\/02\/corsi-di-moda-koefia-roma-24-200x300.jpg 200w, https:\/\/www.koefia.com\/wp-content\/uploads\/2019\/02\/corsi-di-moda-koefia-roma-24-768x1151.jpg 768w, https:\/\/www.koefia.com\/wp-content\/uploads\/2019\/02\/corsi-di-moda-koefia-roma-24.jpg 854w\" sizes=\"(max-width: 683px) 100vw, 683px\" \/><\/div><figcaption><\/figcaption><\/figure><\/a><\/div><\/div><\/div>[\/vc_column][\/vc_row][vc_row margin_bottom=\u00bb0&#8243; padding_bottom=\u00bb30&#8243;][vc_column width=\u00bb1\/3&#8243;]<div class=\"grve-element grve-align-center\"><a class=\"grve-btn grve-btn-medium grve-square grve-bg-primary-1\" href=\"#popmake-1922\" target=\"_self\" style=\"\"><span>SOLICITE INFORMACI\u00d3N<\/span><\/a><\/div>[\/vc_column][vc_column width=\u00bb1\/3&#8243;]<div class=\"grve-element grve-align-center\"><a class=\"grve-btn grve-btn-medium grve-square grve-bg-primary-1\" href=\"#popmake-1925\" target=\"_self\" style=\"\"><span>RESERVA UNA ENTREVISTA<\/span><\/a><\/div>[\/vc_column][vc_column width=\u00bb1\/3&#8243;]<div class=\"grve-element grve-align-center\"><a class=\"grve-btn grve-btn-medium grve-square grve-bg-primary-1\" href=\"https:\/\/www.koefia.com\/iscrizione-online\/\" target=\"_self\" style=\"\"><span>REG\u00cdSTRESE EN L\u00cdNEA<\/span><\/a><\/div>[\/vc_column][\/vc_row]<\/p>\n<\/div>","protected":false},"excerpt":{"rendered":"<p>[vc_row header_feature=\u00bbyes\u00bb margin_bottom=\u00bb0&#8243; padding_top=\u00bb20&#8243;][vc_column css=\u00bb.vc_custom_1551807836700{margin-bottom: 3% !important;}\u00bb][vc_column_text] ALTAROMA 2019 Invierno Colecci\u00f3n \u00abVuelve\u00bb [\/vc_column_text][\/vc_column][\/vc_row][vc_row][vc_column][vc_column_text]Libertad de movimiento entre lugares, clases sociales, h\u00e1bitos: es uno de los puntos clave de los a\u00f1os 70 reflejado en los cambios de moda de ese per\u00edodo hist\u00f3rico. Este es el hilo conductor de la Colecci\u00f3n presentada por los alumnos de 3\u00ba a\u00f1o [&hellip;]<\/p>\n","protected":false},"author":3,"featured_media":0,"parent":0,"menu_order":0,"comment_status":"closed","ping_status":"closed","template":"","meta":{"footnotes":""},"class_list":["post-16109","page","type-page","status-publish","hentry"],"aioseo_notices":[],"_links":{"self":[{"href":"https:\/\/www.koefia.com\/es\/wp-json\/wp\/v2\/pages\/16109","targetHints":{"allow":["GET"]}}],"collection":[{"href":"https:\/\/www.koefia.com\/es\/wp-json\/wp\/v2\/pages"}],"about":[{"href":"https:\/\/www.koefia.com\/es\/wp-json\/wp\/v2\/types\/page"}],"author":[{"embeddable":true,"href":"https:\/\/www.koefia.com\/es\/wp-json\/wp\/v2\/users\/3"}],"replies":[{"embeddable":true,"href":"https:\/\/www.koefia.com\/es\/wp-json\/wp\/v2\/comments?post=16109"}],"version-history":[{"count":0,"href":"https:\/\/www.koefia.com\/es\/wp-json\/wp\/v2\/pages\/16109\/revisions"}],"wp:attachment":[{"href":"https:\/\/www.koefia.com\/es\/wp-json\/wp\/v2\/media?parent=16109"}],"curies":[{"name":"wp","href":"https:\/\/api.w.org\/{rel}","templated":true}]}}